{"id":205,"date":"2021-06-23T19:00:57","date_gmt":"2021-06-23T17:00:57","guid":{"rendered":"http:\/\/unbringraphik.fr\/?post_type=rara-portfolio&#038;p=205"},"modified":"2025-10-30T09:58:28","modified_gmt":"2025-10-30T08:58:28","slug":"ville-de-dijon-2","status":"publish","type":"rara-portfolio","link":"https:\/\/unbringraphik.fr\/index.php\/portfolio\/ville-de-dijon-2\/","title":{"rendered":"Ville de Dijon"},"content":{"rendered":"\n<div class=\"wp-block-columns is-layout-flex wp-container-core-columns-is-layout-2 wp-block-columns-is-layout-flex\">\n<div class=\"wp-block-column is-layout-flow wp-block-column-is-layout-flow\">\n<figure class=\"wp-block-image size-large\"><img loading=\"lazy\" decoding=\"async\" width=\"725\" height=\"1024\" src=\"http:\/\/unbringraphik.fr\/wp-content\/uploads\/2021\/06\/Affiche-A4-Jeudijonnais-IMP-1-725x1024.png\" alt=\"Affiche, identit\u00e9 graphique, d\u00e9pliant, programme\" class=\"wp-image-212\" srcset=\"https:\/\/unbringraphik.fr\/wp-content\/uploads\/2021\/06\/Affiche-A4-Jeudijonnais-IMP-1-725x1024.png 725w, https:\/\/unbringraphik.fr\/wp-content\/uploads\/2021\/06\/Affiche-A4-Jeudijonnais-IMP-1-212x300.png 212w, https:\/\/unbringraphik.fr\/wp-content\/uploads\/2021\/06\/Affiche-A4-Jeudijonnais-IMP-1-768x1085.png 768w, https:\/\/unbringraphik.fr\/wp-content\/uploads\/2021\/06\/Affiche-A4-Jeudijonnais-IMP-1-42x60.png 42w, https:\/\/unbringraphik.fr\/wp-content\/uploads\/2021\/06\/Affiche-A4-Jeudijonnais-IMP-1.png 800w\" sizes=\"(max-width: 725px) 100vw, 725px\" \/><\/figure>\n\n\n\n<div class=\"wp-block-columns is-layout-flex wp-container-core-columns-is-layout-1 wp-block-columns-is-layout-flex\">\n<div class=\"wp-block-column is-layout-flow wp-block-column-is-layout-flow\"><\/div>\n<\/div>\n<\/div>\n\n\n\n<div class=\"wp-block-column is-layout-flow wp-block-column-is-layout-flow\">\n<h5 class=\"wp-block-heading\"><strong>Les Jeudi&#8217;jonnais<\/strong> vont donner le sourire aux dijonnais tous les jeudis !<\/h5>\n\n\n\n<p>Le nouveau concept d&#8217;animations de la ville de Dijon, cr\u00e9\u00e9 en juin 2021 devait avoir sa propre identit\u00e9 graphique. C&#8217;est chose faite avec ce visuel aux couleurs estivales, r\u00e9alis\u00e9 par Un Brin Graphik, et d\u00e9clin\u00e9 en affiches, encarts web et programme papier avec le fa\u00e7onnage deux plis crois\u00e9s.<\/p>\n\n\n\n<figure class=\"wp-block-image size-large is-resized\"><img loading=\"lazy\" decoding=\"async\" width=\"1000\" height=\"747\" src=\"http:\/\/unbringraphik.fr\/wp-content\/uploads\/2021\/06\/decor-jeudijonnais.png\" alt=\"\" class=\"wp-image-214\" style=\"width:381px;height:284px\" srcset=\"https:\/\/unbringraphik.fr\/wp-content\/uploads\/2021\/06\/decor-jeudijonnais.png 1000w, https:\/\/unbringraphik.fr\/wp-content\/uploads\/2021\/06\/decor-jeudijonnais-300x224.png 300w, https:\/\/unbringraphik.fr\/wp-content\/uploads\/2021\/06\/decor-jeudijonnais-768x574.png 768w, https:\/\/unbringraphik.fr\/wp-content\/uploads\/2021\/06\/decor-jeudijonnais-80x60.png 80w\" sizes=\"(max-width: 1000px) 100vw, 1000px\" \/><\/figure>\n<\/div>\n<\/div>\n\n\n\n<figure class=\"wp-block-image size-large\"><img loading=\"lazy\" decoding=\"async\" width=\"1024\" height=\"764\" src=\"http:\/\/unbringraphik.fr\/wp-content\/uploads\/2021\/06\/depliant1-jeudijonnais2-1024x764.png\" alt=\"D\u00e9pliant \" class=\"wp-image-218\" srcset=\"https:\/\/unbringraphik.fr\/wp-content\/uploads\/2021\/06\/depliant1-jeudijonnais2-1024x764.png 1024w, https:\/\/unbringraphik.fr\/wp-content\/uploads\/2021\/06\/depliant1-jeudijonnais2-300x224.png 300w, https:\/\/unbringraphik.fr\/wp-content\/uploads\/2021\/06\/depliant1-jeudijonnais2-768x573.png 768w, https:\/\/unbringraphik.fr\/wp-content\/uploads\/2021\/06\/depliant1-jeudijonnais2-80x60.png 80w, https:\/\/unbringraphik.fr\/wp-content\/uploads\/2021\/06\/depliant1-jeudijonnais2.png 1400w\" sizes=\"(max-width: 1024px) 100vw, 1024px\" \/><\/figure>\n\n\n\n<div class=\"wp-block-columns is-layout-flex wp-container-core-columns-is-layout-3 wp-block-columns-is-layout-flex\">\n<div class=\"wp-block-column is-layout-flow wp-block-column-is-layout-flow\">\n<hr class=\"wp-block-separator has-css-opacity\"\/>\n\n\n\n<h5 class=\"wp-block-heading\">Un autre festival bat son plein l&#8217;\u00e9t\u00e9 \u00e0 Dijon : Gar\u00e7on la note !<\/h5>\n\n\n\n<p>Et depuis 6 ans, le studio imagine ses d\u00e9clinaisons de couleurs et de visuel g\u00e9n\u00e9rique sans d\u00e9naturer son identit\u00e9 graphique.<\/p>\n<\/div>\n<\/div>\n\n\n\n<figure class=\"wp-block-image size-large\"><img loading=\"lazy\" decoding=\"async\" width=\"1024\" height=\"835\" src=\"http:\/\/unbringraphik.fr\/wp-content\/uploads\/2021\/06\/depliant-GLN-2021-1024x835.jpg\" alt=\"Programme, d\u00e9pliant, plis\" class=\"wp-image-554\" srcset=\"https:\/\/unbringraphik.fr\/wp-content\/uploads\/2021\/06\/depliant-GLN-2021-1024x835.jpg 1024w, https:\/\/unbringraphik.fr\/wp-content\/uploads\/2021\/06\/depliant-GLN-2021-300x245.jpg 300w, https:\/\/unbringraphik.fr\/wp-content\/uploads\/2021\/06\/depliant-GLN-2021-768x626.jpg 768w, https:\/\/unbringraphik.fr\/wp-content\/uploads\/2021\/06\/depliant-GLN-2021-74x60.jpg 74w, https:\/\/unbringraphik.fr\/wp-content\/uploads\/2021\/06\/depliant-GLN-2021.jpg 1400w\" sizes=\"(max-width: 1024px) 100vw, 1024px\" \/><\/figure>\n\n\n\n<hr class=\"wp-block-separator has-alpha-channel-opacity\"\/>\n\n\n\n<h5 class=\"wp-block-heading\">Le petit dernier, cr\u00e9\u00e9 en 2023 : Place en musique !<\/h5>\n\n\n\n<p>Un autre \u00e9v\u00e9nement de la ville de Dijon, qui ravit chaque dimanche d&#8217;\u00e9t\u00e9, les promeneurs et les touristes au centre ville.<\/p>\n\n\n\n<figure class=\"wp-block-image size-large is-resized\"><img loading=\"lazy\" decoding=\"async\" width=\"725\" height=\"1024\" src=\"https:\/\/unbringraphik.fr\/wp-content\/uploads\/2025\/01\/Affiche-A4-PEM-725x1024.jpg\" alt=\"affiche\" class=\"wp-image-647\" style=\"width:423px;height:auto\" srcset=\"https:\/\/unbringraphik.fr\/wp-content\/uploads\/2025\/01\/Affiche-A4-PEM-725x1024.jpg 725w, https:\/\/unbringraphik.fr\/wp-content\/uploads\/2025\/01\/Affiche-A4-PEM-212x300.jpg 212w, https:\/\/unbringraphik.fr\/wp-content\/uploads\/2025\/01\/Affiche-A4-PEM-768x1085.jpg 768w, https:\/\/unbringraphik.fr\/wp-content\/uploads\/2025\/01\/Affiche-A4-PEM-42x60.jpg 42w, https:\/\/unbringraphik.fr\/wp-content\/uploads\/2025\/01\/Affiche-A4-PEM.jpg 800w\" sizes=\"(max-width: 725px) 100vw, 725px\" \/><\/figure>\n","protected":false},"excerpt":{"rendered":"<p>Les Jeudi&#8217;jonnais vont donner le sourire aux dijonnais tous les jeudis ! Le nouveau concept d&#8217;animations de la ville de Dijon, cr\u00e9\u00e9 en juin 2021 devait avoir sa propre identit\u00e9 graphique. C&#8217;est chose faite avec ce visuel aux couleurs estivales, r\u00e9alis\u00e9 par Un Brin Graphik, et d\u00e9clin\u00e9 en affiches, encarts web et programme papier avec &hellip; <\/p>\n","protected":false},"author":2,"featured_media":208,"template":"","rara_portfolio_categories":[7,3,4],"_links":{"self":[{"href":"https:\/\/unbringraphik.fr\/index.php\/wp-json\/wp\/v2\/rara-portfolio\/205"}],"collection":[{"href":"https:\/\/unbringraphik.fr\/index.php\/wp-json\/wp\/v2\/rara-portfolio"}],"about":[{"href":"https:\/\/unbringraphik.fr\/index.php\/wp-json\/wp\/v2\/types\/rara-portfolio"}],"author":[{"embeddable":true,"href":"https:\/\/unbringraphik.fr\/index.php\/wp-json\/wp\/v2\/users\/2"}],"wp:featuredmedia":[{"embeddable":true,"href":"https:\/\/unbringraphik.fr\/index.php\/wp-json\/wp\/v2\/media\/208"}],"wp:attachment":[{"href":"https:\/\/unbringraphik.fr\/index.php\/wp-json\/wp\/v2\/media?parent=205"}],"wp:term":[{"taxonomy":"rara_portfolio_categories","embeddable":true,"href":"https:\/\/unbringraphik.fr\/index.php\/wp-json\/wp\/v2\/rara_portfolio_categories?post=205"}],"curies":[{"name":"wp","href":"https:\/\/api.w.org\/{rel}","templated":true}]}}